{"id":10511,"date":"2021-11-16T22:54:21","date_gmt":"2021-11-16T20:54:21","guid":{"rendered":"https:\/\/www.pernova.ee\/huvikool\/?page_id=10511"},"modified":"2022-01-09T22:03:45","modified_gmt":"2022-01-09T20:03:45","slug":"meist-meedias-2021","status":"publish","type":"page","link":"https:\/\/www.pernova.ee\/huvikool\/meist-meedias-2021\/","title":{"rendered":"Meist meedias 2021"},"content":{"rendered":"<ul>\n<li>20. detsember 2021 &#8211; <a href=\"https:\/\/parnu.postimees.ee\/7412151\/paasteamet-valis-aasta-teo-ja-tunnustas-partnereid\" target=\"_blank\" rel=\"noopener\">P\u00e4\u00e4steamet valis aasta teo ja tunnustas partnereid<\/a><\/li>\n<li>05. detsember 2021 &#8211; <a href=\"https:\/\/parnu.postimees.ee\/7401302\/pernova-loodusmaja-ou-taitus-tantsu-ja-tulesaraga\" target=\"_blank\" rel=\"noopener\">Pernova loodusmaja \u00f5u t\u00e4itus tantsu ja tules\u00e4raga<\/a><\/li>\n<li>27. november 2021 &#8211; <a href=\"https:\/\/parnu.postimees.ee\/7395076\/noored-hakkasid-telet-tegema\" target=\"_blank\" rel=\"noopener\">Noored hakkasid telet tegema<\/a><\/li>\n<li>18. november 2021 &#8211; <a href=\"https:\/\/parnu.postimees.ee\/7389064\/parnu-saab-oma-oudusfilmide-festivali\" target=\"_blank\" rel=\"noopener\">P\u00e4rnu saab oma \u00f5udusfilmide festivali<\/a><\/li>\n<li>14. november 2021 &#8211; <a href=\"https:\/\/parnu.postimees.ee\/7385480\/loodusmajas-opiti-isadepaeval-matkatarkusi-ja-uudistati-mototehnikat\" target=\"_blank\" rel=\"noopener\">Loodusmajas \u00f5piti isadep\u00e4eval matkatarkusi ja uudistati mototehnikat<\/a><\/li>\n<li>05. oktoober 2021 \u2013 <a href=\"https:\/\/parnu.postimees.ee\/7354457\/parnu-linn-tunnustas-silmapaistvaid-haridustootajaid\" target=\"_blank\" rel=\"noopener\">P\u00e4rnu linn tunnustas silmapaistvaid haridust\u00f6\u00f6tajaid<\/a><\/li>\n<li>16. september 2021 \u2013 <a href=\"https:\/\/parnu.postimees.ee\/7339842\/seenenaitusele-joudis-mitu-haruldast-metsaandi\" target=\"_blank\" rel=\"noopener\">Seenen\u00e4itusele j\u00f5udis mitu haruldast metsaandi<\/a><\/li>\n<li>09. september 2021 \u2013 <a href=\"https:\/\/parnu.postimees.ee\/7334336\/pernova-loodusmaja-kulastas-rekordarv-inimesi\" target=\"_blank\" rel=\"noopener\">Pernova loodusmaja k\u00fclastas rekordarv inimesi<\/a><\/li>\n<li>24. august 2021 \u2013 <a href=\"https:\/\/parnu.postimees.ee\/7322166\/laanemere-paev-toob-uritusi-parnumaalegi\" target=\"_blank\" rel=\"noopener\">L\u00e4\u00e4nemere p\u00e4ev toob \u00fcritusi P\u00e4rnumaalegi<\/a><\/li>\n<li>13. august 2021 \u2013 <a href=\"https:\/\/parnu.postimees.ee\/7315097\/kaes-on-suur-perseiidide-tahesaju-aeg\" target=\"_blank\" rel=\"noopener\">K\u00e4es on suur perseiidide t\u00e4hesaju aeg<\/a><\/li>\n<li>22. juuni 2021 \u2013 <a href=\"https:\/\/parnu.postimees.ee\/7277400\/loomahuvilise-teekond-pernova-loodusmajast-dzunglisse\" target=\"_blank\" rel=\"noopener\">Loomahuvilise teekond Pernova loodusmajast d\u017eunglisse<\/a><\/li>\n<li>08. juuni 2021 \u2013 <a href=\"https:\/\/parnu.postimees.ee\/7267098\/parnu-poiss-tuli-eesti-meistriks?fbclid=IwAR06ui6vYDdgT6ji9vMCsXa9viQ6PntOyDlkZYeLRXBb9yb8ZomEeHJJM3E\" target=\"_blank\" rel=\"noopener\">P\u00e4rnu poiss tuli Eesti meistriks<\/a><\/li>\n<li>04. juuni 2021 &#8211; <a href=\"https:\/\/parnu.postimees.ee\/7264323\/pernova-topised-pidasid-ula-peal-hasti-vastu-osal-raamatutel-laks-kehvemini\" target=\"_blank\" rel=\"noopener\">Pernova topised pidasid ula peal h\u00e4sti vastu, osal raamatutel l\u00e4ks kehvemini<\/a><\/li>\n<li>26. mai 2021 &#8211; <a href=\"https:\/\/elu24.postimees.ee\/7256757\/pernova-loodusmaja-akvarist-avaldas-mis-jarelnahud-tal-parast-haruldast-korallimurgistust-olid\" target=\"_blank\" rel=\"noopener\">Pernova loodusmaja akvarist avaldas, mis j\u00e4reln\u00e4hud tal p\u00e4rast haruldast korallim\u00fcrgistust olid<\/a><\/li>\n<li>25. mai 2021 &#8211; <a href=\"https:\/\/parnu.postimees.ee\/7256519\/pernovas-algas-puhastustoode-viimane-vaatus\" target=\"_blank\" rel=\"noopener\">Pernovas algas puhastust\u00f6\u00f6de viimane vaatus<\/a><\/li>\n<li>12. mai 2021 &#8211; <a href=\"https:\/\/parnu.postimees.ee\/7246621\/kogu-pernova-loodusmaja-sisu-vajab-veel-uht-pesu-toimunu-noudis-uhe-asuka-elu\" target=\"_blank\" rel=\"noopener\">Kogu Pernova loodusmaja sisu vajab veel \u00fcht pesu, toimunu n\u00f5udis \u00fche asuka elu<\/a><\/li>\n<li>28. aprill 2021 &#8211; <a href=\"https:\/\/parnu.postimees.ee\/7235830\/punnseis-korallimurgistuse-uurimisel-proovid-voetud-labor-ootel-aga-kes-maksab\" target=\"_blank\" rel=\"noopener\">Punnseis korallim\u00fcrgistuse uurimisel: proovid v\u00f5etud, labor ootel, aga kes maksab?<\/a><\/li>\n<li>26. aprill 2021 &#8211; <a href=\"https:\/\/parnu.postimees.ee\/7233782\/kuidas-mojutas-murk-loodusmaja-eluslooduse-kogu\" target=\"_blank\" rel=\"noopener\">Kuidas m\u00f5jutas m\u00fcrk loodusmaja eluslooduse kogu?<\/a><\/li>\n<li>24. aprill 2021 &#8211; <a href=\"https:\/\/parnu.postimees.ee\/7232242\/saatuslik-viies\" target=\"_blank\" rel=\"noopener\">Saatuslik viies<\/a><\/li>\n<li>23. aprill 2021 &#8211; <a href=\"https:\/\/parnu.postimees.ee\/7232197\/pernovas-pahandust-teinud-korallimurk-voinuks-valla-paaseda-rocca-al-mare-keskuseski\" target=\"_blank\" rel=\"noopener\">Pernovas pahandust teinud korallim\u00fcrk v\u00f5inuks valla p\u00e4\u00e4seda Rocca al Mare keskuseski<\/a><\/li>\n<li>23. aprill 2021 &#8211; <a href=\"https:\/\/parnu.postimees.ee\/7231832\/pernovas-loppesid-bioloogilise-murgi-neutraliseerimistood\" target=\"_blank\" rel=\"noopener\">Pernovas l\u00f5ppesid bioloogilise m\u00fcrgi neutraliseerimist\u00f6\u00f6d<\/a><\/li>\n<li>23. aprill 2021 &#8211; <a href=\"https:\/\/parnu.postimees.ee\/7231394\/parast-kaht-nadalat-saab-loodusmaja-korallimurgist-viimaks-priiks\" target=\"_blank\" rel=\"noopener\">P\u00e4rast kaht n\u00e4dalat saab loodusmaja korallim\u00fcrgist viimaks priiks<\/a><\/li>\n<li>21. aprill 2021 &#8211; <a href=\"https:\/\/parnu.postimees.ee\/7229595\/paasteamet-lopetas-loodusmaja-teisaldatavate-esemete-murgist-puhastamise\" target=\"_blank\" rel=\"noopener\">P\u00e4\u00e4steamet l\u00f5petas loodusmaja teisaldatavate esemete m\u00fcrgist puhastamise<\/a><\/li>\n<li>19. aprill 2021 &#8211; <a href=\"https:\/\/parnu.postimees.ee\/7228285\/pernovas-saaste-korvaldamisega-ametis-olevad-paastjad-jatkavad-pimeduse-saabumiseni\" target=\"_blank\" rel=\"noopener\">Pernovas saaste k\u00f5rvaldamisega ametis olevad p\u00e4\u00e4stjad j\u00e4tkavad pimeduse saabumiseni<\/a><\/li>\n<li>16. aprill 2021 &#8211; <a href=\"https:\/\/parnu.postimees.ee\/7226445\/ohtliku-murgiga-saastunud-loodusmajale-leiti-desotaja\" target=\"_blank\" rel=\"noopener\">Ohtliku m\u00fcrgiga saastunud loodusmajale leiti desotaja<\/a><\/li>\n<li>15. aprill 2021 &#8211; <a href=\"https:\/\/parnu.postimees.ee\/7225953\/loodusmaja-murgistusjuhtumi-pohjustanud-korall-voib-akvaariumi-sattuda-juhuslikultki\" target=\"_blank\" rel=\"noopener\">Loodusmaja m\u00fcrgistusjuhtumi p\u00f5hjustanud korall v\u00f5ib akvaariumi sattuda juhuslikultki<\/a><\/li>\n<li>14. aprill 2021 &#8211; <a href=\"https:\/\/leht.postimees.ee\/7224282\/pernova-loodusmaja-tootajad-taastuvad-murgistusest\" target=\"_blank\" rel=\"noopener\">Pernova loodusmaja t\u00f6\u00f6tajad taastuvad m\u00fcrgistusest<\/a><\/li>\n<li>12. aprill 2021 &#8211; <a href=\"https:\/\/parnu.postimees.ee\/7223106\/murgiga-saastunud-loodusmajas-tuleb-teha-suurpuhastus-murgistusravi-vajas-uheksa-tootajat\" target=\"_blank\" rel=\"noopener\">M\u00fcrgiga saastunud loodusmajas tuleb teha suurpuhastus, m\u00fcrgistusravi vajas \u00fcheksa t\u00f6\u00f6tajat<\/a><\/li>\n<li>11. aprill 2021 &#8211; <a href=\"https:\/\/reporter.postimees.ee\/7221916\/reporter-parnu-pernova-loodusmaja-korallimurgitus-saatis-neli-inimest-haiglasse\" target=\"_blank\" rel=\"noopener\">Reporter: P\u00e4rnu Pernova Loodusmaja korallim\u00fcrgitus saatis neli inimest haiglasse<\/a><\/li>\n<li>09. aprill 2021 &#8211; <a href=\"https:\/\/parnu.postimees.ee\/7221429\/loodusmaja-akvaariumi-kolimisel-tekkisid-tootajatel-murgistusnahud\" target=\"_blank\" rel=\"noopener\">Loodusmaja akvaariumi kolimisel tekkisid t\u00f6\u00f6tajatel m\u00fcrgistusn\u00e4hud<\/a><\/li>\n<li>21. m\u00e4rts 2021 &#8211; <a href=\"https:\/\/parnu.postimees.ee\/7206501\/loodusmajja-saabusid-piltilusad-liblikad-teiselt-poolt-maakera\" target=\"_blank\" rel=\"noopener\">Loodusmajja saabusid piltilusad liblikad teiselt poolt maakera<\/a><\/li>\n<li>15. jaanuar 2021 &#8211; <a href=\"https:\/\/parnu.postimees.ee\/7156619\/tolmupilved-kivihunnik-ja-viimne-muuririba-kunagine-loodusmaja-puhiti-maamunalt\" target=\"_blank\" rel=\"noopener\">Tolmupilved, kivihunnik ja viimne m\u00fc\u00fcririba \u2013 kunagine loodusmaja p\u00fchiti maamunalt<\/a><\/li>\n<li>08. jaanuar 2021 &#8211; <a href=\"https:\/\/parnu.postimees.ee\/7151021\/mai-tanava-kunagist-loodusmaja-oppehoonet-asutakse-lammutama\" target=\"_blank\" rel=\"noopener\">Mai t\u00e4nava kunagist loodusmaja \u00f5ppehoonet asutakse lammutama<\/a><\/li>\n<li>01. jaanuar 2021 \u2013 <a href=\"https:\/\/parnu.postimees.ee\/7145679\/pernova-loodusmaja-opetaja-palvis-korge-tunnustuse\" target=\"_blank\" rel=\"noopener\">Pernova loodusmaja \u00f5petaja p\u00e4lvis k\u00f5rge tunnustuse<\/a><\/li>\n<\/ul>\n","protected":false},"excerpt":{"rendered":"<p>20. detsember 2021 &#8211; P\u00e4\u00e4steamet valis aasta teo ja tunnustas partnereid 05. detsember 2021 &#8211; Pernova loodusmaja \u00f5u t\u00e4itus tantsu ja tules\u00e4raga 27. november 2021 &#8211; Noored hakkasid telet tegema 18. november 2021 &#8211; P\u00e4rnu saab oma \u00f5udusfilmide festivali 14. november 2021 &#8211; Loodusmajas \u00f5piti isadep\u00e4eval matkatarkusi ja uudistati mototehnikat 05. oktoober 2021 \u2013 P\u00e4rnu [&hellip;]<\/p>\n","protected":false},"author":3,"featured_media":0,"parent":0,"menu_order":0,"comment_status":"closed","ping_status":"closed","template":"","meta":{"_acf_changed":false,"_exactmetrics_skip_tracking":false,"_exactmetrics_sitenote_active":false,"_exactmetrics_sitenote_note":"","_exactmetrics_sitenote_category":0,"ngg_post_thumbnail":0,"footnotes":""},"class_list":["post-10511","page","type-page","status-publish","hentry"],"acf":false,"_links":{"self":[{"href":"https:\/\/www.pernova.ee\/huvikool\/wp-json\/wp\/v2\/pages\/10511","targetHints":{"allow":["GET"]}}],"collection":[{"href":"https:\/\/www.pernova.ee\/huvikool\/wp-json\/wp\/v2\/pages"}],"about":[{"href":"https:\/\/www.pernova.ee\/huvikool\/wp-json\/wp\/v2\/types\/page"}],"author":[{"embeddable":true,"href":"https:\/\/www.pernova.ee\/huvikool\/wp-json\/wp\/v2\/users\/3"}],"replies":[{"embeddable":true,"href":"https:\/\/www.pernova.ee\/huvikool\/wp-json\/wp\/v2\/comments?post=10511"}],"version-history":[{"count":8,"href":"https:\/\/www.pernova.ee\/huvikool\/wp-json\/wp\/v2\/pages\/10511\/revisions"}],"predecessor-version":[{"id":10867,"href":"https:\/\/www.pernova.ee\/huvikool\/wp-json\/wp\/v2\/pages\/10511\/revisions\/10867"}],"wp:attachment":[{"href":"https:\/\/www.pernova.ee\/huvikool\/wp-json\/wp\/v2\/media?parent=10511"}],"curies":[{"name":"wp","href":"https:\/\/api.w.org\/{rel}","templated":true}]}}